{"id":885,"date":"2025-09-10T08:06:05","date_gmt":"2025-09-10T08:06:05","guid":{"rendered":"http:\/\/wdkkielce.pl\/?page_id=885"},"modified":"2025-10-07T20:33:18","modified_gmt":"2025-10-07T18:33:18","slug":"podwyzszenie-walorow-dziedzictwa-kulturowego-oraz-rozbudowa-infrastruktury-kulturalnej-i-turystycznej-poprzez-rewitalizacje-zespolu-klasztornego-na-swietym-krzyzu-wraz-z-rozbudowa-osady-sred","status":"publish","type":"page","link":"https:\/\/wdkkielce.pl\/index.php\/podwyzszenie-walorow-dziedzictwa-kulturowego-oraz-rozbudowa-infrastruktury-kulturalnej-i-turystycznej-poprzez-rewitalizacje-zespolu-klasztornego-na-swietym-krzyzu-wraz-z-rozbudowa-osady-sred\/","title":{"rendered":"Podwy\u017cszenie walor\u00f3w dziedzictwa kulturowego oraz rozbudowa infrastruktury kulturalnej i\u00a0turystycznej poprzez rewitalizacj\u0119 Zespo\u0142u Klasztornego na \u015awi\u0119tym Krzy\u017cu wraz z\u00a0rozbudow\u0105 Osady \u015aredniowiecznej"},"content":{"rendered":"\t\t<div data-elementor-type=\"wp-page\" data-elementor-id=\"885\" class=\"elementor elementor-885\">\n\t\t\t\t<div class=\"elementor-element elementor-element-4d61ef5 e-con-full e-flex e-con e-parent\" data-id=\"4d61ef5\" data-element_type=\"container\" data-e-type=\"container\">\n\t\t<div class=\"elementor-element elementor-element-7074cb1 e-con-full e-flex e-con e-child\" data-id=\"7074cb1\" data-element_type=\"container\" data-e-type=\"container\" data-settings=\"{&quot;background_background&quot;:&quot;classic&quot;}\">\n\t\t\t\t<div class=\"elementor-element elementor-element-bcee90f elementor-widget elementor-widget-heading\" data-id=\"bcee90f\" data-element_type=\"widget\" data-e-type=\"widget\" data-widget_type=\"heading.default\">\n\t\t\t\t\t<h2 class=\"elementor-heading-title elementor-size-default\">Podwy\u017cszenie walor\u00f3w dziedzictwa kulturowego oraz rozbudowa infrastruktury kulturalnej i turystycznej poprzez rewitalizacj\u0119 Zespo\u0142u Klasztornego na \u015awi\u0119tym Krzy\u017cu wraz z rozbudow\u0105 Osady \u015aredniowiecznej\n\u200b<\/h2>\t\t\t\t<\/div>\n\t\t\t\t<\/div>\n\t\t\t\t<\/div>\n\t\t<div class=\"elementor-element elementor-element-4cb1930 e-flex e-con-boxed e-con e-parent\" data-id=\"4cb1930\" data-element_type=\"container\" data-e-type=\"container\">\n\t\t\t\t\t<div class=\"e-con-inner\">\n\t\t\t\t<div class=\"elementor-element elementor-element-30d9b88 elementor-widget elementor-widget-shortcode\" data-id=\"30d9b88\" data-element_type=\"widget\" data-e-type=\"widget\" data-widget_type=\"shortcode.default\">\n\t\t\t\t\t\t\t<div class=\"elementor-shortcode\">\n<\/div>\n\t\t\t\t\t\t<\/div>\n\t\t<div class=\"elementor-element elementor-element-7c12b3a e-con-full e-flex e-con e-child\" data-id=\"7c12b3a\" data-element_type=\"container\" data-e-type=\"container\">\n\t\t<div class=\"elementor-element elementor-element-31a8f75 e-con-full e-flex e-con e-child\" data-id=\"31a8f75\" data-element_type=\"container\" data-e-type=\"container\">\n\t\t\t\t<div class=\"elementor-element elementor-element-52160a3 elementor-widget elementor-widget-text-editor\" data-id=\"52160a3\" data-element_type=\"widget\" data-e-type=\"widget\" data-widget_type=\"text-editor.default\">\n\t\t\t\t\t\t\t\t\t<p><strong>Gmina Bieliny we wsp\u00f3\u0142pracy z\u00a0partnerem \u2013 Domem Misjonarzy Oblat\u00f3w Maryi Niepokalanej na \u015awi\u0119tym Krzy\u017cu i\u00a0partnerem uczestnicz\u0105cym w\u00a0realizacji merytorycznej cz\u0119\u015bci zadania nr 2 \u2013 Wojew\u00f3dzkim Domem Kultury w\u00a0Kielcach realizuje projekt pn. &#8220;Podwy\u017cszenie walor\u00f3w dziedzictwa kulturowego oraz rozbudowa infrastruktury kulturalnej i\u00a0turystycznej poprzez rewitalizacj\u0119 Zespo\u0142u Klasztornego na \u015awi\u0119tym Krzy\u017cu wraz z\u00a0rozbudow\u0105 Osady \u015aredniowiecznej&#8221; wsp\u00f3\u0142finansowany ze\u00a0\u015brodk\u00f3w Europejskiego Funduszu Rozwoju Regionalnego w\u00a0ramach Regionalnego Programu Operacyjnego Wojew\u00f3dztwa \u015awi\u0119tokrzyskiego na lata 2014\u20132020.<\/strong><\/p><p>\u00a0<\/p><div><img fetchpriority=\"high\" decoding=\"async\" title=\"- loga1.jpg\" src=\"https:\/\/www.wdkkielce.pl\/asp\/pliki\/_db\/loga1.jpg\" alt=\"- loga1.jpg\" width=\"900\" height=\"113\" \/><\/div><p>\u00a0<\/p><div class=\"col-sm-8\"><div class=\"page-description content-size-1\"><div class=\"clearfix\">\u00a0<\/div><\/div><\/div><div class=\"page-content content-size-1 margin-bottom\"><div><strong>Beneficjent:\u00a0<\/strong>Gmina Bieliny<br \/><br \/><strong>Partner:\u00a0<\/strong>Dom Misjonarzy Oblat\u00f3w Maryi Niepokalanej na \u015awi\u0119tym Krzy\u017cu<br \/><br \/><strong>Partner uczestnicz\u0105cy w\u00a0realizacji merytorycznej cz\u0119\u015bci zadania nr 2:\u00a0<\/strong>Wojew\u00f3dzki Dom Kultury im. J. Pi\u0142sudskiego w\u00a0Kielcach<br \/><br \/><strong>Warto\u015b\u0107 projektu og\u00f3\u0142em:<\/strong>\u00a024 207 021,95 z\u0142<br \/><br \/><strong>Warto\u015b\u0107 dofinansowania:<\/strong>\u00a016 510 971,58 z\u0142, w\u00a0tym \u015brodki z\u00a0EFRR w\u00a0wysoko\u015bci 15 524 676,94 z\u0142<br \/><br \/><strong>Kr\u00f3tki opis projektu:<\/strong><br \/>Celem partnerskiego proj. realizowanego z\u00a0Zakonem Misjonarzy Oblat\u00f3w na \u015aw. Krzy\u017cu oraz WDK w\u00a0Kielcach jest zwi\u0119kszenie atrakcyjno\u015bci turystycznej i\u00a0odwiedzalno\u015bci obszaru zlokalizowanego w\u00a0sercu G\u00f3r \u015awi\u0119tokrzyskich \u2013 Zespo\u0142u Klasztornego na \u015awi\u0119tym Krzy\u017cu\u00a0w gm. Nowa S\u0142upia oraz atrakcji u\u00a0podn\u00f3\u017ca g\u00f3ry skupionych wok\u00f3\u0142 Osady \u015aredniowiecznej w\u00a0Hucie Szklanej w\u00a0gm. Bieliny poprzez prace rewitalizacyjne zabytkowego Zespo\u0142u Klasztornego (o metryce \u015bredn. wpisanego do rej. zabytk\u00f3w nr 267, decyzj\u0105 z\u00a023 VI 1967 r.) i\u00a0rozbudow\u0119 istniej\u0105cej infrastruktury Osady \u015aredniowiecznej, gdzie powstanie \u015awi\u0119tokrzyska Zagroda Kultury prezentuj\u0105ca niematerialne dziedzictwo kultury Ziemi \u015awi\u0119tego Krzy\u017ca.<br \/>Budynek b\u0119dzie ca\u0142orocznym obiektem, gdzie na dolnej kondygnacji zostanie przygotowana du\u017ca sala konferencyjna, a\u00a0na dw\u00f3ch kondygnacjach znajdzie si\u0119 ekspozycja multimedialna dotycz\u0105ca niematerialnego i\u00a0materialnego dziedzictwa kultury G\u00f3r \u015awi\u0119tokrzyskich. Ekspozycja zostanie utrzymana w\u00a0stylu XIX-wiecznej i\u00a0z pocz\u0105tku XX-wiecznej wsi \u015bwi\u0119tokrzyskiej. Przygotowana zostanie tak\u017ce sala gier i\u00a0zabaw dla dzieci w\u00a0r\u00f3\u017cnym wieku odnosz\u0105ca si\u0119 do tej tematyki. Prace w\u00a0Zespole Klasztornym obejm\u0105 prace og\u00f3lnobudowlane w\u00a0pomieszczeniach klasztornych, zakup wyposa\u017cenia, a\u00a0tak\u017ce rewitalizacj\u0119 Sanktuarium: prace konserwatorskie i\u00a0og\u00f3lne w\u00a0Bazylice, Kaplicy Ole\u015bnickich, Zakrystii, kru\u017cgankach i\u00a0przedsionku.\u00a0<br \/><br \/><strong>Cel g\u0142\u00f3wny projektu:<\/strong><br \/>G\u0142\u00f3wnym celem projektu jest zwi\u0119kszenie atrakcyjno\u015bci turystycznej i\u00a0odwiedzalno\u015bci obszaru zlokalizowanego w\u00a0sercu G\u00f3r \u015awi\u0119tokrzyskich \u2013 Zespo\u0142u Klasztornego na \u015awi\u0119tym Krzy\u017cu oraz atrakcji po\u0142o\u017conych u\u00a0podn\u00f3\u017ca g\u00f3ry skupionych wok\u00f3\u0142 Osady \u015aredniowiecznej po\u0142o\u017conej w\u00a0Hucie Szklanej. Celem szczeg\u00f3\u0142owym przedsi\u0119wzi\u0119cia jest zachowanie i\u00a0zabezpieczenie obiektu zabytkowego zlokalizowanego na \u015awi\u0119tym Krzy\u017cu oraz jego lepsze dostosowanie do funkcji turystycznych. Drugim celem szczeg\u00f3\u0142owym jest rozw\u00f3j zasob\u00f3w kultury ludowej regionu \u015bwi\u0119tokrzyskiego poprzez rozbudow\u0119 infrastruktury Osady \u015aredniowiecznej w\u00a0Hucie Szklanej o\u00a0\u015awi\u0119tokrzysk\u0105 Zagrod\u0119 Kultury.<br \/><br \/><strong>Grupy docelowe:<\/strong>\u00a0<br \/>Bezpo\u015bredni\u0105 grup\u0119 docelow\u0105 projektu stanowi\u0107 b\u0119d\u0105 tury\u015bci z\u00a0terenu ca\u0142ego kraju, w\u00a0tym w\u00a0szczeg\u00f3lno\u015bci z\u00a0o\u015bciennych wojew\u00f3dztw regionu \u015bwi\u0119tokrzyskiego, a\u00a0tak\u017ce mieszka\u0144cy ziemi \u015bwi\u0119tokrzyskiej.\u00a0<br \/><br \/><br \/><strong>Wska\u017aniki produktu:<\/strong><\/div><ul><li>Liczba zabytk\u00f3w nieruchomych obj\u0119tych wsparciem \u2013 1.<\/li><li>Liczba projekt\u00f3w, w\u00a0kt\u00f3rych sfinansowano koszty racjonalnych usprawnie\u0144 dla os\u00f3b z\u00a0niepe\u0142nosprawno\u015bciami \u2013 1.<\/li><li>Liczba obiekt\u00f3w dostosowanych do potrzeb os\u00f3b z\u00a0niepe\u0142nosprawno\u015bciami \u2013 2.<\/li><li>Liczba instytucji kultury obj\u0119tych wsparciem \u2013 1.<\/li><\/ul><div><br \/><strong>Wska\u017aniki rezultatu:<\/strong>\u00a0<\/div><ul><li>Wzrost zatrudnienia we wspieranych podmiotach (innych ni\u017c przedsi\u0119biorstwa) [EPC] \u2013 6 [EPC].<\/li><li>Wzrost oczekiwanej liczby odwiedzin w\u00a0obj\u0119tych wsparciem miejscach nale\u017c\u0105cych do dziedzictwa kulturalnego i\u00a0naturalnego oraz stanowi\u0105cych atrakcje turystyczne [odwiedziny \/ rok] (Cl 9) [odwiedziny \/ rok] \u2013 33 652,00 [odwiedziny \/ rok].\u00a0<\/li><\/ul><div><br \/>\u0179r\u00f3d\u0142o: Centrum Tradycji, Turystyki i\u00a0Kultury G\u00f3r \u015awi\u0119tokrzyskich w\u00a0Bielinach<\/div><\/div>\t\t\t\t\t\t\t\t<\/div>\n\t\t\t\t<\/div>\n\t\t\t\t<\/div>\n\t\t\t\t<div class=\"elementor-element elementor-element-4b31a06 elementor-widget elementor-widget-spacer\" data-id=\"4b31a06\" data-element_type=\"widget\" data-e-type=\"widget\" data-widget_type=\"spacer.default\">\n\t\t\t\t\t\t\t<div class=\"elementor-spacer\">\n\t\t\t<div class=\"elementor-spacer-inner\"><\/div>\n\t\t<\/div>\n\t\t\t\t\t\t<\/div>\n\t\t\t\t<div class=\"elementor-element elementor-element-8fc5f89 elementor-widget elementor-widget-spacer\" data-id=\"8fc5f89\" data-element_type=\"widget\" data-e-type=\"widget\" data-widget_type=\"spacer.default\">\n\t\t\t\t\t\t\t<div class=\"elementor-spacer\">\n\t\t\t<div class=\"elementor-spacer-inner\"><\/div>\n\t\t<\/div>\n\t\t\t\t\t\t<\/div>\n\t\t\t\t\t<\/div>\n\t\t\t\t<\/div>\n\t\t<div class=\"elementor-element elementor-element-9ca24f8 e-flex e-con-boxed e-con e-parent\" data-id=\"9ca24f8\" data-element_type=\"container\" data-e-type=\"container\" data-settings=\"{&quot;background_background&quot;:&quot;classic&quot;}\">\n\t\t\t\t\t<div class=\"e-con-inner\">\n\t\t\t\t<div class=\"elementor-element elementor-element-5fc0411 elementor-widget elementor-widget-image\" data-id=\"5fc0411\" data-element_type=\"widget\" data-e-type=\"widget\" data-widget_type=\"image.default\">\n\t\t\t\t\t\t\t\t\t\t\t\t\t\t\t<img decoding=\"async\" width=\"761\" height=\"692\" src=\"https:\/\/wdkkielce.pl\/wp-content\/uploads\/2025\/09\/5.png\" class=\"attachment-large size-large wp-image-582\" alt=\"\" srcset=\"https:\/\/wdkkielce.pl\/wp-content\/uploads\/2025\/09\/5.png 761w, https:\/\/wdkkielce.pl\/wp-content\/uploads\/2025\/09\/5-300x273.png 300w\" sizes=\"(max-width: 761px) 100vw, 761px\" \/>\t\t\t\t\t\t\t\t\t\t\t\t\t\t\t<\/div>\n\t\t\t\t<div class=\"elementor-element elementor-element-512f712 elementor-widget elementor-widget-image\" data-id=\"512f712\" data-element_type=\"widget\" data-e-type=\"widget\" data-widget_type=\"image.default\">\n\t\t\t\t\t\t\t\t\t\t\t\t\t\t\t<img decoding=\"async\" width=\"761\" height=\"692\" src=\"https:\/\/wdkkielce.pl\/wp-content\/uploads\/2025\/09\/1.png\" class=\"attachment-large size-large wp-image-578\" alt=\"\" srcset=\"https:\/\/wdkkielce.pl\/wp-content\/uploads\/2025\/09\/1.png 761w, https:\/\/wdkkielce.pl\/wp-content\/uploads\/2025\/09\/1-300x273.png 300w\" sizes=\"(max-width: 761px) 100vw, 761px\" \/>\t\t\t\t\t\t\t\t\t\t\t\t\t\t\t<\/div>\n\t\t\t\t<div class=\"elementor-element elementor-element-0f9fb60 elementor-widget elementor-widget-image\" data-id=\"0f9fb60\" data-element_type=\"widget\" data-e-type=\"widget\" data-widget_type=\"image.default\">\n\t\t\t\t\t\t\t\t\t\t\t\t\t\t\t<img loading=\"lazy\" decoding=\"async\" width=\"761\" height=\"692\" src=\"https:\/\/wdkkielce.pl\/wp-content\/uploads\/2025\/09\/4.png\" class=\"attachment-large size-large wp-image-581\" alt=\"\" srcset=\"https:\/\/wdkkielce.pl\/wp-content\/uploads\/2025\/09\/4.png 761w, https:\/\/wdkkielce.pl\/wp-content\/uploads\/2025\/09\/4-300x273.png 300w\" sizes=\"(max-width: 761px) 100vw, 761px\" \/>\t\t\t\t\t\t\t\t\t\t\t\t\t\t\t<\/div>\n\t\t\t\t<div class=\"elementor-element elementor-element-1d979e8 elementor-widget elementor-widget-image\" data-id=\"1d979e8\" data-element_type=\"widget\" data-e-type=\"widget\" data-widget_type=\"image.default\">\n\t\t\t\t\t\t\t\t\t\t\t\t\t\t\t<img loading=\"lazy\" decoding=\"async\" width=\"761\" height=\"692\" src=\"https:\/\/wdkkielce.pl\/wp-content\/uploads\/2025\/09\/3.png\" class=\"attachment-large size-large wp-image-580\" alt=\"\" srcset=\"https:\/\/wdkkielce.pl\/wp-content\/uploads\/2025\/09\/3.png 761w, https:\/\/wdkkielce.pl\/wp-content\/uploads\/2025\/09\/3-300x273.png 300w\" sizes=\"(max-width: 761px) 100vw, 761px\" \/>\t\t\t\t\t\t\t\t\t\t\t\t\t\t\t<\/div>\n\t\t\t\t<div class=\"elementor-element elementor-element-14b1840 elementor-widget elementor-widget-image\" data-id=\"14b1840\" data-element_type=\"widget\" data-e-type=\"widget\" data-widget_type=\"image.default\">\n\t\t\t\t\t\t\t\t\t\t\t\t\t\t\t<img loading=\"lazy\" decoding=\"async\" width=\"761\" height=\"692\" src=\"https:\/\/wdkkielce.pl\/wp-content\/uploads\/2025\/09\/2.png\" class=\"attachment-large size-large wp-image-579\" alt=\"\" srcset=\"https:\/\/wdkkielce.pl\/wp-content\/uploads\/2025\/09\/2.png 761w, https:\/\/wdkkielce.pl\/wp-content\/uploads\/2025\/09\/2-300x273.png 300w\" sizes=\"(max-width: 761px) 100vw, 761px\" \/>\t\t\t\t\t\t\t\t\t\t\t\t\t\t\t<\/div>\n\t\t\t\t\t<\/div>\n\t\t\t\t<\/div>\n\t\t<div class=\"elementor-element elementor-element-5692f86 e-flex e-con-boxed e-con e-parent\" data-id=\"5692f86\" data-element_type=\"container\" data-e-type=\"container\" data-settings=\"{&quot;background_background&quot;:&quot;classic&quot;}\">\n\t\t\t\t\t<div class=\"e-con-inner\">\n\t\t<div class=\"elementor-element elementor-element-a85ff53 e-con-full e-flex e-con e-child\" data-id=\"a85ff53\" data-element_type=\"container\" data-e-type=\"container\">\n\t\t\t\t<div class=\"elementor-element elementor-element-182dd5c elementor-widget elementor-widget-heading\" data-id=\"182dd5c\" data-element_type=\"widget\" data-e-type=\"widget\" data-widget_type=\"heading.default\">\n\t\t\t\t\t<h2 class=\"elementor-heading-title elementor-size-default\">NEWSLETTER<\/h2>\t\t\t\t<\/div>\n\t\t\t\t<div class=\"elementor-element elementor-element-31a2530 elementor-widget elementor-widget-text-editor\" data-id=\"31a2530\" data-element_type=\"widget\" data-e-type=\"widget\" data-widget_type=\"text-editor.default\">\n\t\t\t\t\t\t\t\t\t<p>Je\u017celi chcesz by\u0107 informowany\u00a0<br \/>O aktualno\u015bciach w serwisie,<br \/>Podaj sw\u00f3j adres e-mail<\/p>\t\t\t\t\t\t\t\t<\/div>\n\t\t\t\t<\/div>\n\t\t<div class=\"elementor-element elementor-element-ada9950 e-con-full e-flex e-con e-child\" data-id=\"ada9950\" data-element_type=\"container\" data-e-type=\"container\">\n\t\t\t\t<div class=\"elementor-element elementor-element-15b41f1 elementor-widget elementor-widget-shortcode\" data-id=\"15b41f1\" data-element_type=\"widget\" data-e-type=\"widget\" data-widget_type=\"shortcode.default\">\n\t\t\t\t\t\t\t<div class=\"elementor-shortcode\"><div class=\"tnp tnp-subscription \">\n<form method=\"post\" action=\"https:\/\/wdkkielce.pl\/wp-admin\/admin-ajax.php?action=tnp&amp;na=s\">\n<input type=\"hidden\" name=\"nlang\" value=\"\">\n<div class=\"tnp-field tnp-field-email\"><label for=\"tnp-1\">E-mail<\/label>\n<input class=\"tnp-email\" type=\"email\" name=\"ne\" id=\"tnp-1\" value=\"\" placeholder=\"Adres e-mail\" required><\/div>\n<div class=\"tnp-field tnp-privacy-field\"><label><input type=\"checkbox\" name=\"ny\" required class=\"tnp-privacy\"> Wyra\u017cam zgod\u0119 na przetwarzanie moich danych osobowych, w szczeg\u00f3lno\u015bci imienia i nazwiska oraz adresu poczty elektronicznej przez WDK w Kielcach w celu otrzymywania informacji marketingowych o jego us\u0142ugach, w tym informacji w formie subskrypcji na m\u00f3j adres poczty elektronicznej w my\u015bl art. 10 ustawy z dnia 18 lipca 2002 r. o \u015bwiadczeniu us\u0142ug drog\u0105 elektroniczn\u0105.<\/label><\/div><div class=\"tnp-field tnp-field-button\" style=\"text-align: left\"><input class=\"tnp-submit\" type=\"submit\" value=\"Subskrybuj\" style=\"\">\n<\/div>\n<\/form>\n<\/div>\n\n<\/div>\n\t\t\t\t\t\t<\/div>\n\t\t\t\t<\/div>\n\t\t\t\t\t<\/div>\n\t\t\t\t<\/div>\n\t\t\t\t<\/div>\n\t\t","protected":false},"excerpt":{"rendered":"<p>Podwy\u017cszenie walor\u00f3w dziedzictwa kulturowego oraz rozbudowa infrastruktury kulturalnej i turystycznej poprzez rewitalizacj\u0119 Zespo\u0142u Klasztornego na \u015awi\u0119tym Krzy\u017cu wraz z rozbudow\u0105 Osady \u015aredniowiecznej \u200b Gmina Bieliny we wsp\u00f3\u0142pracy z\u00a0partnerem \u2013 Domem Misjonarzy Oblat\u00f3w Maryi Niepokalanej na \u015awi\u0119tym Krzy\u017cu i\u00a0partnerem uczestnicz\u0105cym w\u00a0realizacji merytorycznej cz\u0119\u015bci zadania nr 2 \u2013 Wojew\u00f3dzkim Domem Kultury w\u00a0Kielcach realizuje projekt pn. &#8220;Podwy\u017cszenie walor\u00f3w&hellip;&nbsp;<\/p>\n","protected":false},"author":1,"featured_media":0,"parent":0,"menu_order":0,"comment_status":"closed","ping_status":"closed","template":"page-templates\/template-pagebuilder-full-width.php","meta":{"inline_featured_image":false,"neve_meta_sidebar":"","neve_meta_container":"","neve_meta_enable_content_width":"","neve_meta_content_width":0,"neve_meta_title_alignment":"","neve_meta_author_avatar":"","neve_post_elements_order":"","neve_meta_disable_header":"","neve_meta_disable_footer":"","neve_meta_disable_title":"","neve_meta_reading_time":"","footnotes":""},"class_list":["post-885","page","type-page","status-publish","hentry"],"rttpg_featured_image_url":null,"rttpg_author":{"display_name":"admin","author_link":"https:\/\/wdkkielce.pl\/index.php\/author\/admin\/"},"rttpg_comment":0,"rttpg_category":null,"rttpg_excerpt":"Podwy\u017cszenie walor\u00f3w dziedzictwa kulturowego oraz rozbudowa infrastruktury kulturalnej i turystycznej poprzez rewitalizacj\u0119 Zespo\u0142u Klasztornego na \u015awi\u0119tym Krzy\u017cu wraz z rozbudow\u0105 Osady \u015aredniowiecznej \u200b Gmina Bieliny we wsp\u00f3\u0142pracy z\u00a0partnerem \u2013 Domem Misjonarzy Oblat\u00f3w Maryi Niepokalanej na \u015awi\u0119tym Krzy\u017cu i\u00a0partnerem uczestnicz\u0105cym w\u00a0realizacji merytorycznej cz\u0119\u015bci zadania nr 2 \u2013 Wojew\u00f3dzkim Domem Kultury w\u00a0Kielcach realizuje projekt pn. &#8220;Podwy\u017cszenie walor\u00f3w&hellip;&nbsp;","_links":{"self":[{"href":"https:\/\/wdkkielce.pl\/index.php\/wp-json\/wp\/v2\/pages\/885","targetHints":{"allow":["GET"]}}],"collection":[{"href":"https:\/\/wdkkielce.pl\/index.php\/wp-json\/wp\/v2\/pages"}],"about":[{"href":"https:\/\/wdkkielce.pl\/index.php\/wp-json\/wp\/v2\/types\/page"}],"author":[{"embeddable":true,"href":"https:\/\/wdkkielce.pl\/index.php\/wp-json\/wp\/v2\/users\/1"}],"replies":[{"embeddable":true,"href":"https:\/\/wdkkielce.pl\/index.php\/wp-json\/wp\/v2\/comments?post=885"}],"version-history":[{"count":13,"href":"https:\/\/wdkkielce.pl\/index.php\/wp-json\/wp\/v2\/pages\/885\/revisions"}],"predecessor-version":[{"id":3317,"href":"https:\/\/wdkkielce.pl\/index.php\/wp-json\/wp\/v2\/pages\/885\/revisions\/3317"}],"wp:attachment":[{"href":"https:\/\/wdkkielce.pl\/index.php\/wp-json\/wp\/v2\/media?parent=885"}],"curies":[{"name":"wp","href":"https:\/\/api.w.org\/{rel}","templated":true}]}}