{"id":821,"date":"2025-09-10T07:18:17","date_gmt":"2025-09-10T07:18:17","guid":{"rendered":"http:\/\/wdkkielce.pl\/?page_id=821"},"modified":"2025-09-15T08:29:41","modified_gmt":"2025-09-15T08:29:41","slug":"informacje-o-zit-usmiech","status":"publish","type":"page","link":"https:\/\/wdkkielce.pl\/index.php\/informacje-o-zit-usmiech\/","title":{"rendered":"Informacje o\u00a0ZIT &#8220;U\u015bmiech&#8221;"},"content":{"rendered":"\t\t<div data-elementor-type=\"wp-page\" data-elementor-id=\"821\" class=\"elementor elementor-821\">\n\t\t\t\t<div class=\"elementor-element elementor-element-c11d237 e-flex e-con-boxed e-con e-parent\" data-id=\"c11d237\" data-element_type=\"container\" data-e-type=\"container\">\n\t\t\t\t\t<div class=\"e-con-inner\">\n\t\t\t\t<div class=\"elementor-element elementor-element-0b3aa22 elementor-widget elementor-widget-heading\" data-id=\"0b3aa22\" data-element_type=\"widget\" data-e-type=\"widget\" data-widget_type=\"heading.default\">\n\t\t\t\t\t<h2 class=\"elementor-heading-title elementor-size-default\">Informacje o ZIT \"U\u015bmiech\"\n<\/h2>\t\t\t\t<\/div>\n\t\t<div class=\"elementor-element elementor-element-a80cc0c e-con-full e-flex e-con e-child\" data-id=\"a80cc0c\" data-element_type=\"container\" data-e-type=\"container\">\n\t\t<div class=\"elementor-element elementor-element-f04eb6a e-con-full e-flex e-con e-child\" data-id=\"f04eb6a\" data-element_type=\"container\" data-e-type=\"container\">\n\t\t\t\t<div class=\"elementor-element elementor-element-a1e0f6d elementor-widget elementor-widget-text-editor\" data-id=\"a1e0f6d\" data-element_type=\"widget\" data-e-type=\"widget\" data-widget_type=\"text-editor.default\">\n\t\t\t\t\t\t\t\t\t<p>Zesp\u00f3\u0142 Inscenizacji Tanecznych \u201eU\u015bmiech\u201d, skupiaj\u0105cy m\u0142odzie\u017c niepe\u0142nosprawn\u0105, dzia\u0142a w\u00a0Wojew\u00f3dzkim Domu Kultury im. J. Pi\u0142sudskiego w\u00a0Kielcach od 1999 roku. Funkcjonuje w\u00a0ramach \u015awi\u0119tokrzyskiego Klubu Dzieci i\u00a0M\u0142odzie\u017cy Specjalnej Troski. Ma na swoim koncie wiele sukces\u00f3w. Jest laureatem wojew\u00f3dzkich, og\u00f3lnopolskich i\u00a0mi\u0119dzynarodowych przegl\u0105d\u00f3w i\u00a0festiwali organizowanych dla os\u00f3b niepe\u0142nosprawnych, m.in. w: Warszawie, Krakowie, Kluczborku, Lublinie, Kijowie, Lwowie, Moskwie. Choreografem zespo\u0142u do 2023 roku by\u0142a Alicja Pi\u0142at. Teraz zesp\u00f3\u0142 prowadzi aktorka Teatru Lalki i\u00a0Aktora &#8220;Kubu\u015b&#8221; &#8211; Ewa Lubacz. Wojew\u00f3dzki Dom Kultury im. J. Pi\u0142sudskiego w\u00a0Kielcach wspiera dzia\u0142alno\u015b\u0107 zespo\u0142u. Opr\u00f3cz zaj\u0119\u0107 o\u00a0charakterze artystycznym z\u00a0muzyki, \u015bpiewu i\u00a0ta\u0144ca prowadzi r\u00f3wnie\u017c zaj\u0119cia sportowo-rehabilitacyjne dla jego uczestnik\u00f3w.<\/p><p><em><strong>Mecenasem Zespo\u0142u Inscenizacji Tanecznych &#8220;U\u015bmiech&#8221; s\u0105 &#8220;Wodoci\u0105gi Kieleckie&#8221;.<\/strong><\/em><\/p><p><em><strong><img decoding=\"async\" title=\"- wodociagi.jpg\" src=\"https:\/\/www.wdkkielce.pl\/asp\/pliki\/_db\/wodociagi.jpg\" alt=\"- wodociagi.jpg\" width=\"150\" height=\"88\" \/><\/strong><\/em><\/p>\t\t\t\t\t\t\t\t<\/div>\n\t\t\t\t<\/div>\n\t\t<div class=\"elementor-element elementor-element-023a478 e-con-full e-flex e-con e-child\" data-id=\"023a478\" data-element_type=\"container\" data-e-type=\"container\">\n\t\t\t\t<div class=\"elementor-element elementor-element-0130930 elementor-widget elementor-widget-html\" data-id=\"0130930\" data-element_type=\"widget\" data-e-type=\"widget\" data-widget_type=\"html.default\">\n\t\t\t\t\t<div class=\"wdk-menu\">\r\n  <ul>\r\n    <li class=\"wdk-menu__title\">Zespo\u0142y <\/li>\r\n\r\n    <!-- ZPiT -->\r\n    <li><a href=\"\/index.php\/zespol-piesni-i-tanca-kielce\/\">Zesp\u00f3\u0142 Pie\u015bni i Ta\u0144ca \"Kielce\"<\/a><\/li>\r\n    <li><a class=\"--sub\" href=\"\/index.php\/informacje-o-zpit\/\">Informacje o ZPiT<\/a><\/li>\r\n\r\n    <!-- ZIT \"U\u015bmiech\" -->\r\n    <li><a href=\"\/index.php\/zespol-inscenizacji-tanecznej-usmiech\/\">Zesp\u00f3\u0142 Inscenizacji Tanecznej \"U\u015bmiech\"<\/a><\/li>\r\n    <li><a class=\"--sub\" href=\"\/index.php\/informacje-o-zit-usmiech\/\">Informacje o ZIT \"U\u015bmiech\"<\/a><\/li>\r\n\r\n    <!-- Teatr \"Sen\" -->\r\n    <li><a href=\"\/index.php\/teatr-plastyczny-sen\/\">Teatr Plastyczny \"Sen\"<\/a><\/li>\r\n    <li><a class=\"--sub\" href=\"\/index.php\/informacje-o-teatrze-plastycznym-sen\/\">Informacje o Teatrze Plastycznym \"Sen\"<\/a><\/li>\r\n\r\n    <!-- ST \"Charleston\" -->\r\n    <li><a href=\"\/index.php\/szkola-tanca-charleston\/\">Szko\u0142a Ta\u0144ca \"Charleston\"<\/a><\/li>\r\n    <li><a class=\"--sub\" href=\"\/index.php\/informacje-o-st-charleston\/\">Informacje o ST \"Charleston\"<\/a><\/li>\r\n\r\n    <!-- Wonderland -->\r\n    <li><a href=\"\/index.php\/mlodziezowy-zespol-wokalny-wonderland\/\">M\u0142odzie\u017cowy Zesp\u00f3\u0142 Wokalny \u201eWonderland\u201d<\/a><\/li>\r\n\r\n    <!-- Studio Wokalne -->\r\n    <li><a href=\"\/index.php\/studio-wokalne-wdk\/\">Studio Wokalne WDK<\/a><\/li>\r\n    <li><a class=\"--sub\" href=\"\/index.php\/informacja-o-studiu-wokalnym-wdk\/\">Informacja o Studiu Wokalnym WDK<\/a><\/li>\r\n\r\n    <!-- Senior Show -->\r\n    <li><a href=\"\/index.php\/grupa-senior-show\/\">Grupa \"Senior Show\"<\/a><\/li>\r\n\r\n    <!-- Scyzory -->\r\n    <li><a href=\"\/index.php\/kapela-podworkowa-scyzory\/\">Kapela Podw\u00f3rkowa \"Scyzory\"<\/a><\/li>\r\n    <li><a class=\"--sub\" href=\"\/index.php\/informacje-o-kapeli-podworkowej-scyzory\/\">Informacje o Kapeli Podw\u00f3rkowej \"Scyzory\"<\/a><\/li>\r\n\r\n    <!-- Warsztaty teatralne -->\r\n    <li><a href=\"\/index.php\/warsztaty-teatralne\/\">Warsztaty teatralne<\/a><\/li>\r\n    <li><a class=\"--sub\" href=\"\/index.php\/wierszolatki\/\">Wierszolatki<\/a><\/li>\r\n    <li><a class=\"--sub\" href=\"\/index.php\/kurtyna\/\">Kurtyna<\/a><\/li>\r\n    <li><a class=\"--sub\" href=\"\/index.php\/horyzont\/\">Horyzont<\/a><\/li>\r\n\r\n    <!-- Ch\u00f3r Garnizonowy -->\r\n    <li><a href=\"\/index.php\/chor-garnizonowy-wdk\/\">Ch\u00f3r Garnizonowy WDK<\/a><\/li>\r\n    <li><a class=\"--sub\" href=\"\/index.php\/informacje-o-chorze-garnizonowym-wdk\/\">Informacje o Ch\u00f3rze Garnizonowym WDK<\/a><\/li>\r\n    \r\n     <li><a href=\"\/index.php\/studio-spiewu-klasycznego-o-sole-mio\/\">Studio \u015apiewu Klasycznego \"O Sole Mio\"<\/a><\/li>\r\n     \r\n      <li><a href=\"\/index.php\/rysuj-z-wdk\/\">Rysuj z WDK<\/a><\/li>\r\n  <\/ul>\r\n<\/div>\r\n\r\n<style>\r\n.wdk-menu {\r\n  background: #f5f5f5;\r\n  padding: 15px;\r\n  border: 1px solid #ddd;\r\n  max-width: 500px;\r\n  font-family: Arial, sans-serif;\r\n}\r\n.wdk-menu ul { list-style: none; margin: 0; padding: 0; }\r\n.wdk-menu__title { font-weight: bold; margin-bottom: 10px; padding: 5px 0; }\r\n.wdk-menu li { margin: 0; padding: 0; }\r\n.wdk-menu a {\r\n  display: block;\r\n  padding: 10px 14px;\r\n  text-decoration: none;\r\n  color: #333;\r\n  border-bottom: 1px solid #e0e0e0;\r\n  transition: background 0.2s ease;\r\n}\r\n.wdk-menu a:hover { background: #ddd; }\r\n\r\n\/* wizualne \u201epodmenu\u201d dla pozycji typu Informacje o\u2026 *\/\r\n.wdk-menu a.--sub { padding-left: 28px; font-size: .95em; opacity: .95; }\r\n<\/style>\r\n\t\t\t\t<\/div>\n\t\t\t\t<\/div>\n\t\t\t\t<\/div>\n\t\t\t\t<div class=\"elementor-element elementor-element-5ee506b elementor-widget elementor-widget-spacer\" data-id=\"5ee506b\" data-element_type=\"widget\" data-e-type=\"widget\" data-widget_type=\"spacer.default\">\n\t\t\t\t\t\t\t<div class=\"elementor-spacer\">\n\t\t\t<div class=\"elementor-spacer-inner\"><\/div>\n\t\t<\/div>\n\t\t\t\t\t\t<\/div>\n\t\t<div class=\"elementor-element elementor-element-21bd0ef e-con-full e-flex e-con e-child\" data-id=\"21bd0ef\" data-element_type=\"container\" data-e-type=\"container\">\n\t\t<a class=\"elementor-element elementor-element-8cfc09e e-con-full e-flex e-con e-child\" data-id=\"8cfc09e\" data-element_type=\"container\" data-e-type=\"container\" data-settings=\"{&quot;background_background&quot;:&quot;classic&quot;}\" href=\"https:\/\/mojeekino.pl\/pokaz\/kino-fenomen-kielce\">\n\t\t\t\t<\/a>\n\t\t<a class=\"elementor-element elementor-element-a18c3c1 e-con-full e-flex e-con e-child\" data-id=\"a18c3c1\" data-element_type=\"container\" data-e-type=\"container\" data-settings=\"{&quot;background_background&quot;:&quot;classic&quot;}\" href=\"http:\/\/wdkkielce.pl\/index.php\/kultura-ludowa\/\">\n\t\t\t\t<\/a>\n\t\t<a class=\"elementor-element elementor-element-4d696cc e-con-full e-flex e-con e-child\" data-id=\"4d696cc\" data-element_type=\"container\" data-e-type=\"container\" data-settings=\"{&quot;background_background&quot;:&quot;classic&quot;}\" href=\"http:\/\/wdkkielce.pl\/index.php\/bardzo-mloda-kultura-23-35\/\">\n\t\t\t\t<\/a>\n\t\t\t\t<\/div>\n\t\t\t\t<div class=\"elementor-element elementor-element-677d871 elementor-widget elementor-widget-spacer\" data-id=\"677d871\" data-element_type=\"widget\" data-e-type=\"widget\" data-widget_type=\"spacer.default\">\n\t\t\t\t\t\t\t<div class=\"elementor-spacer\">\n\t\t\t<div class=\"elementor-spacer-inner\"><\/div>\n\t\t<\/div>\n\t\t\t\t\t\t<\/div>\n\t\t\t\t<div class=\"elementor-element elementor-element-adac910 elementor-widget elementor-widget-google_maps\" data-id=\"adac910\" data-element_type=\"widget\" data-e-type=\"widget\" data-widget_type=\"google_maps.default\">\n\t\t\t\t\t\t\t<div class=\"elementor-custom-embed\">\n\t\t\t<iframe loading=\"lazy\"\n\t\t\t\t\tsrc=\"https:\/\/maps.google.com\/maps?q=Wojew%C3%B3dzki%20Dom%20Kultury%20im.%20J%C3%B3zefa%20Pi%C5%82sudskiego%20w%20Kielcach&#038;t=m&#038;z=13&#038;output=embed&#038;iwloc=near\"\n\t\t\t\t\ttitle=\"Wojew\u00f3dzki Dom Kultury im. J\u00f3zefa Pi\u0142sudskiego w Kielcach\"\n\t\t\t\t\taria-label=\"Wojew\u00f3dzki Dom Kultury im. J\u00f3zefa Pi\u0142sudskiego w Kielcach\"\n\t\t\t><\/iframe>\n\t\t<\/div>\n\t\t\t\t\t\t<\/div>\n\t\t\t\t<div class=\"elementor-element elementor-element-37ccf9f elementor-arrows-position-inside elementor-widget elementor-widget-image-carousel\" data-id=\"37ccf9f\" data-element_type=\"widget\" data-e-type=\"widget\" data-settings=\"{&quot;slides_to_show&quot;:&quot;5&quot;,&quot;navigation&quot;:&quot;arrows&quot;,&quot;autoplay&quot;:&quot;yes&quot;,&quot;pause_on_hover&quot;:&quot;yes&quot;,&quot;pause_on_interaction&quot;:&quot;yes&quot;,&quot;autoplay_speed&quot;:5000,&quot;infinite&quot;:&quot;yes&quot;,&quot;speed&quot;:500}\" data-widget_type=\"image-carousel.default\">\n\t\t\t\t\t\t\t<div class=\"elementor-image-carousel-wrapper swiper\" role=\"region\" aria-roledescription=\"carousel\" aria-label=\"Karuzela obrazk\u00f3w\" dir=\"ltr\">\n\t\t\t<div class=\"elementor-image-carousel swiper-wrapper\" aria-live=\"off\">\n\t\t\t\t\t\t\t\t<div class=\"swiper-slide\" role=\"group\" aria-roledescription=\"slide\" aria-label=\"1 z 5\"><figure class=\"swiper-slide-inner\"><img decoding=\"async\" class=\"swiper-slide-image\" src=\"https:\/\/wdkkielce.pl\/wp-content\/uploads\/2025\/09\/5-300x273.png\" alt=\"5\" \/><\/figure><\/div><div class=\"swiper-slide\" role=\"group\" aria-roledescription=\"slide\" aria-label=\"2 z 5\"><figure class=\"swiper-slide-inner\"><img decoding=\"async\" class=\"swiper-slide-image\" src=\"https:\/\/wdkkielce.pl\/wp-content\/uploads\/2025\/09\/4-300x273.png\" alt=\"4\" \/><\/figure><\/div><div class=\"swiper-slide\" role=\"group\" aria-roledescription=\"slide\" aria-label=\"3 z 5\"><figure class=\"swiper-slide-inner\"><img decoding=\"async\" class=\"swiper-slide-image\" src=\"https:\/\/wdkkielce.pl\/wp-content\/uploads\/2025\/09\/3-300x273.png\" alt=\"3\" \/><\/figure><\/div><div class=\"swiper-slide\" role=\"group\" aria-roledescription=\"slide\" aria-label=\"4 z 5\"><figure class=\"swiper-slide-inner\"><img decoding=\"async\" class=\"swiper-slide-image\" src=\"https:\/\/wdkkielce.pl\/wp-content\/uploads\/2025\/09\/2-300x273.png\" alt=\"2\" \/><\/figure><\/div><div class=\"swiper-slide\" role=\"group\" aria-roledescription=\"slide\" aria-label=\"5 z 5\"><figure class=\"swiper-slide-inner\"><img decoding=\"async\" class=\"swiper-slide-image\" src=\"https:\/\/wdkkielce.pl\/wp-content\/uploads\/2025\/09\/1-300x273.png\" alt=\"1\" \/><\/figure><\/div>\t\t\t<\/div>\n\t\t\t\t\t\t\t\t\t\t\t\t<div class=\"elementor-swiper-button elementor-swiper-button-prev\" role=\"button\" tabindex=\"0\">\n\t\t\t\t\t\t<svg aria-hidden=\"true\" class=\"e-font-icon-svg e-eicon-chevron-left\" viewBox=\"0 0 1000 1000\" xmlns=\"http:\/\/www.w3.org\/2000\/svg\"><path d=\"M646 125C629 125 613 133 604 142L308 442C296 454 292 471 292 487 292 504 296 521 308 533L604 854C617 867 629 875 646 875 663 875 679 871 692 858 704 846 713 829 713 812 713 796 708 779 692 767L438 487 692 225C700 217 708 204 708 187 708 171 704 154 692 142 675 129 663 125 646 125Z\"><\/path><\/svg>\t\t\t\t\t<\/div>\n\t\t\t\t\t<div class=\"elementor-swiper-button elementor-swiper-button-next\" role=\"button\" tabindex=\"0\">\n\t\t\t\t\t\t<svg aria-hidden=\"true\" class=\"e-font-icon-svg e-eicon-chevron-right\" viewBox=\"0 0 1000 1000\" xmlns=\"http:\/\/www.w3.org\/2000\/svg\"><path d=\"M696 533C708 521 713 504 713 487 713 471 708 454 696 446L400 146C388 133 375 125 354 125 338 125 325 129 313 142 300 154 292 171 292 187 292 204 296 221 308 233L563 492 304 771C292 783 288 800 288 817 288 833 296 850 308 863 321 871 338 875 354 875 371 875 388 867 400 854L696 533Z\"><\/path><\/svg>\t\t\t\t\t<\/div>\n\t\t\t\t\n\t\t\t\t\t\t\t\t\t<\/div>\n\t\t\t\t\t\t<\/div>\n\t\t\t\t\t<\/div>\n\t\t\t\t<\/div>\n\t\t\t\t<\/div>\n\t\t","protected":false},"excerpt":{"rendered":"<p>Informacje o ZIT &#8220;U\u015bmiech&#8221; Zesp\u00f3\u0142 Inscenizacji Tanecznych \u201eU\u015bmiech\u201d, skupiaj\u0105cy m\u0142odzie\u017c niepe\u0142nosprawn\u0105, dzia\u0142a w\u00a0Wojew\u00f3dzkim Domu Kultury im. J. Pi\u0142sudskiego w\u00a0Kielcach od 1999 roku. Funkcjonuje w\u00a0ramach \u015awi\u0119tokrzyskiego Klubu Dzieci i\u00a0M\u0142odzie\u017cy Specjalnej Troski. Ma na swoim koncie wiele sukces\u00f3w. Jest laureatem wojew\u00f3dzkich, og\u00f3lnopolskich i\u00a0mi\u0119dzynarodowych przegl\u0105d\u00f3w i\u00a0festiwali organizowanych dla os\u00f3b niepe\u0142nosprawnych, m.in. w: Warszawie, Krakowie, Kluczborku, Lublinie, Kijowie, Lwowie,&hellip;&nbsp;<\/p>\n","protected":false},"author":1,"featured_media":0,"parent":0,"menu_order":0,"comment_status":"closed","ping_status":"closed","template":"page-templates\/template-pagebuilder-full-width.php","meta":{"inline_featured_image":false,"neve_meta_sidebar":"","neve_meta_container":"","neve_meta_enable_content_width":"","neve_meta_content_width":0,"neve_meta_title_alignment":"","neve_meta_author_avatar":"","neve_post_elements_order":"","neve_meta_disable_header":"","neve_meta_disable_footer":"","neve_meta_disable_title":"","neve_meta_reading_time":"","footnotes":""},"class_list":["post-821","page","type-page","status-publish","hentry"],"rttpg_featured_image_url":null,"rttpg_author":{"display_name":"admin","author_link":"https:\/\/wdkkielce.pl\/index.php\/author\/admin\/"},"rttpg_comment":0,"rttpg_category":null,"rttpg_excerpt":"Informacje o ZIT &#8220;U\u015bmiech&#8221; Zesp\u00f3\u0142 Inscenizacji Tanecznych \u201eU\u015bmiech\u201d, skupiaj\u0105cy m\u0142odzie\u017c niepe\u0142nosprawn\u0105, dzia\u0142a w\u00a0Wojew\u00f3dzkim Domu Kultury im. J. Pi\u0142sudskiego w\u00a0Kielcach od 1999 roku. Funkcjonuje w\u00a0ramach \u015awi\u0119tokrzyskiego Klubu Dzieci i\u00a0M\u0142odzie\u017cy Specjalnej Troski. Ma na swoim koncie wiele sukces\u00f3w. Jest laureatem wojew\u00f3dzkich, og\u00f3lnopolskich i\u00a0mi\u0119dzynarodowych przegl\u0105d\u00f3w i\u00a0festiwali organizowanych dla os\u00f3b niepe\u0142nosprawnych, m.in. w: Warszawie, Krakowie, Kluczborku, Lublinie, Kijowie, Lwowie,&hellip;&nbsp;","_links":{"self":[{"href":"https:\/\/wdkkielce.pl\/index.php\/wp-json\/wp\/v2\/pages\/821","targetHints":{"allow":["GET"]}}],"collection":[{"href":"https:\/\/wdkkielce.pl\/index.php\/wp-json\/wp\/v2\/pages"}],"about":[{"href":"https:\/\/wdkkielce.pl\/index.php\/wp-json\/wp\/v2\/types\/page"}],"author":[{"embeddable":true,"href":"https:\/\/wdkkielce.pl\/index.php\/wp-json\/wp\/v2\/users\/1"}],"replies":[{"embeddable":true,"href":"https:\/\/wdkkielce.pl\/index.php\/wp-json\/wp\/v2\/comments?post=821"}],"version-history":[{"count":7,"href":"https:\/\/wdkkielce.pl\/index.php\/wp-json\/wp\/v2\/pages\/821\/revisions"}],"predecessor-version":[{"id":1482,"href":"https:\/\/wdkkielce.pl\/index.php\/wp-json\/wp\/v2\/pages\/821\/revisions\/1482"}],"wp:attachment":[{"href":"https:\/\/wdkkielce.pl\/index.php\/wp-json\/wp\/v2\/media?parent=821"}],"curies":[{"name":"wp","href":"https:\/\/api.w.org\/{rel}","templated":true}]}}