{"id":2209,"date":"2025-10-02T09:09:29","date_gmt":"2025-10-02T09:09:29","guid":{"rendered":"http:\/\/wdkkielce.pl\/index.php\/events\/krotka-historia-polskiego-kina-ii-o-bi-o-ba-koniec-cywilizacji\/"},"modified":"2025-10-02T09:09:29","modified_gmt":"2025-10-02T09:09:29","slug":"krotka-historia-polskiego-kina-ii-o-bi-o-ba-koniec-cywilizacji","status":"publish","type":"mec-events","link":"https:\/\/wdkkielce.pl\/index.php\/events\/krotka-historia-polskiego-kina-ii-o-bi-o-ba-koniec-cywilizacji\/","title":{"rendered":"Kr\u00f3tka Historia Polskiego Kina II &#8211;  &#8221; O-BI, O-BA: KONIEC CYWILIZACJI &#8220;"},"content":{"rendered":"<p>Stowarzyszenie Kin Studyjnych zaprasza!<\/p>\n<p>\ud83c\udfac Kr\u00f3tka Historia Polskiego Kina 2\ud83c\udfa5<\/p>\n<p>Po entuzjastycznie przyj\u0119tej pierwszej edycji, wracamy z drug\u0105 cz\u0119\u015bci\u0105 naszego filmowego przegl\u0105du. Do\u0142\u0105cz do nas w podr\u00f3\u017cy po niezbadanych \u015bcie\u017ckach polskiej kinematografii, gdzie odkryjemy dzie\u0142a wybitnych tw\u00f3rc\u00f3w, kt\u00f3rzy nie bali si\u0119 i\u015b\u0107 pod pr\u0105d.<\/p>\n<p>\ud83c\udfa5\ud83c\udfa5\ud83c\udfa5O-BI, O-BA: KONIEC CYWILIZACJI \ud83c\udfa5\ud83c\udfa5\ud83c\udfa5<br \/>\n26 listopada, wtorek, godz. 18.00<br \/>\nre\u017cyseria: Piotr Szulkin<br \/>\nwyst\u0119puj\u0105: Krystyna Janda, Jerzy Stuhr, Leon Niemczyk, Jan Nowicki<br \/>\nPolska \/ dramat, sci-fi \/ 1984 \/ 85 min.<\/p>\n<p>Rok 1981. Marianna, m\u0142oda z\u0142odziejka z warszawskiej Pragi, wychodzi z wi\u0119zienia i dzi\u0119ki pomocy kuratora spo\u0142ecznego rozpoczyna prac\u0119 w luksusowym domu starc\u00f3w. Trwa tam w\u0142a\u015bnie kontrola. Istniej\u0105 bowiem podejrzenia, \u017ce cz\u0119\u015b\u0107 miejsc zajmuj\u0105 bezprawnie dawni prominenci. Jednym z nich jest podobno antypatyczny i w\u0142adczy pan Nowicki, zwany Starym, kt\u00f3rym opiekuje si\u0119 Marianna. Niebawem dziewczyna opuszcza zapuszczone mieszkanie matki alkoholiczki i jej kochanka. Wprowadza si\u0119 do swego nowego ch\u0142opaka Marka, piel\u0119gniarza z domu starc\u00f3w. Chwilowo mieszka on w baraku, lecz ma obiecany lokal w sp\u00f3\u0142dzielni. Pod wp\u0142ywem uczucia do Marka Marianna zmienia si\u0119 z wulgarnej ch\u0142opczycy w mi\u0142\u0105, zadban\u0105 dziewczyn\u0119. Niestety, idylla nie trwa d\u0142ugo. Brak im pieni\u0119dzy na mieszkanie, kt\u00f3re Markowi przyznano. Dziewczyna po gwa\u0142townej k\u0142\u00f3tni z Nowickim zabija go, s\u0105dz\u0105c, \u017ce wymierza sprawiedliwo\u015b\u0107, cho\u0107 zarzuty przeciwko niemu oka\u017c\u0105 si\u0119 fa\u0142szywe.<\/p>\n<p>Cena biletu: 10 z\u0142.<br \/>\n\ud83c\udf9f\ufe0f Bilety i repertuar na: https:\/\/kinofenomen.pl\/ lub w kasie kina.<br \/>\nhttps:\/\/kinofenomen.pl\/?b24_day=2024-11-26<\/p>\n<p>\ud83c\udf9e\ufe0f Odkryj odwa\u017cne eksperymenty formalne, nieoczywiste filmy gatunkowe, kultowe dzie\u0142a i zapomniane arcydzie\u0142a. Wszystkie te filmy, teraz wspaniale odrestaurowane, czekaj\u0105, aby zosta\u0107 ponownie odkryte na wielkim ekranie.<\/p>\n<p>Organizator: Stowarzyszenie Kin Studyjnych Kurator: Tomasz Kolankiewicz Partnerzy: WFDiF, DI Factory Wsparcie: Polski Instytut Sztuki Filmowej<\/p>\n<p>Do zobaczenia w Kinie Fenomen! \ud83c\udf7f<\/p>\n<div class=\"pdfprnt-buttons pdfprnt-buttons-mec-events pdfprnt-bottom-right\"><a href=\"https:\/\/wdkkielce.pl\/index.php\/wp-json\/wp\/v2\/mec-events\/2209?print=pdf\" class=\"pdfprnt-button pdfprnt-button-pdf\" target=\"_blank\" ><img decoding=\"async\" src=\"http:\/\/wdkkielce.pl\/wp-content\/plugins\/pdf-print\/images\/pdf.png\" alt=\"image_pdf\" title=\"View PDF\" \/><\/a><a href=\"https:\/\/wdkkielce.pl\/index.php\/wp-json\/wp\/v2\/mec-events\/2209?print=print\" class=\"pdfprnt-button pdfprnt-button-print\" target=\"_blank\" ><img decoding=\"async\" src=\"http:\/\/wdkkielce.pl\/wp-content\/plugins\/pdf-print\/images\/print.png\" alt=\"image_print\" title=\"Print Content\" \/><\/a><\/div>","protected":false},"excerpt":{"rendered":"<p>Stowarzyszenie Kin Studyjnych zaprasza! \ud83c\udfac Kr\u00f3tka Historia Polskiego Kina 2\ud83c\udfa5 Po entuzjastycznie przyj\u0119tej pierwszej edycji, wracamy z drug\u0105 cz\u0119\u015bci\u0105 naszego filmowego przegl\u0105du. Do\u0142\u0105cz do nas w podr\u00f3\u017cy po niezbadanych \u015bcie\u017ckach polskiej kinematografii, gdzie odkryjemy dzie\u0142a wybitnych tw\u00f3rc\u00f3w, kt\u00f3rzy nie bali si\u0119 i\u015b\u0107 pod pr\u0105d. \ud83c\udfa5\ud83c\udfa5\ud83c\udfa5O-BI, O-BA: KONIEC CYWILIZACJI \ud83c\udfa5\ud83c\udfa5\ud83c\udfa5 26 listopada, wtorek, godz. 18.00 re\u017cyseria:&hellip;&nbsp;<\/p>\n","protected":false},"author":1,"featured_media":2210,"comment_status":"closed","ping_status":"closed","template":"","tags":[],"mec_category":[],"mec_speaker":[],"class_list":["post-2209","mec-events","type-mec-events","status-publish","has-post-thumbnail","hentry"],"_links":{"self":[{"href":"https:\/\/wdkkielce.pl\/index.php\/wp-json\/wp\/v2\/mec-events\/2209","targetHints":{"allow":["GET"]}}],"collection":[{"href":"https:\/\/wdkkielce.pl\/index.php\/wp-json\/wp\/v2\/mec-events"}],"about":[{"href":"https:\/\/wdkkielce.pl\/index.php\/wp-json\/wp\/v2\/types\/mec-events"}],"author":[{"embeddable":true,"href":"https:\/\/wdkkielce.pl\/index.php\/wp-json\/wp\/v2\/users\/1"}],"replies":[{"embeddable":true,"href":"https:\/\/wdkkielce.pl\/index.php\/wp-json\/wp\/v2\/comments?post=2209"}],"wp:featuredmedia":[{"embeddable":true,"href":"https:\/\/wdkkielce.pl\/index.php\/wp-json\/wp\/v2\/media\/2210"}],"wp:attachment":[{"href":"https:\/\/wdkkielce.pl\/index.php\/wp-json\/wp\/v2\/media?parent=2209"}],"wp:term":[{"taxonomy":"post_tag","embeddable":true,"href":"https:\/\/wdkkielce.pl\/index.php\/wp-json\/wp\/v2\/tags?post=2209"},{"taxonomy":"mec_category","embeddable":true,"href":"https:\/\/wdkkielce.pl\/index.php\/wp-json\/wp\/v2\/mec_category?post=2209"},{"taxonomy":"mec_speaker","embeddable":true,"href":"https:\/\/wdkkielce.pl\/index.php\/wp-json\/wp\/v2\/mec_speaker?post=2209"}],"curies":[{"name":"wp","href":"https:\/\/api.w.org\/{rel}","templated":true}]}}